{"id":3887,"date":"2021-12-25T09:54:59","date_gmt":"2021-12-25T09:54:59","guid":{"rendered":"http:\/\/cristianocarvalho.net\/WordPress\/?post_type=product&#038;p=3887"},"modified":"2021-12-25T10:11:19","modified_gmt":"2021-12-25T10:11:19","slug":"camara-termografica-com-monitorizacao-por-pc-bodytemp-256-usb-i","status":"publish","type":"product","link":"https:\/\/cristianocarvalho.net\/WordPress\/produto\/camara-termografica-com-monitorizacao-por-pc-bodytemp-256-usb-i\/","title":{"rendered":"C\u00e2mara termogr\u00e1fica com monitoriza\u00e7\u00e3o por PC &#8211; BODYTEMP-256-USB-I"},"content":{"rendered":"<p align=\"justify\"><strong>C\u00e2mara termogr\u00e1fica com monitoriza\u00e7\u00e3o por PC &#8211; BODYTEMP-256-USB-I<\/strong><\/p>\n<div id=\"all\" class=\"row-offcanvas row-offcanvas-left\">\n<div id=\"back\">\n<div id=\"contentarea\" class=\"main-clear\">\n<div id=\"main\">\n<div class=\"productdetails-view productdetails\">\n<div class=\"product-description card\">\n<div id=\"content_tabs\">\n<div class=\"content active\">\n<ul class=\"article_list\">\n<li>C\u00e2mara Termogr\u00e1fica<\/li>\n<li>Resolu\u00e7\u00e3o 256&#215;192<\/li>\n<li>Precis\u00e3o \u00b10.5\u00baC<\/li>\n<li>Dete\u00e7\u00e3o facial: Para filtrar qualquer objectos quentes na cena<\/li>\n<li>Detec\u00e7\u00e3o de at\u00e9 4 pessoas<\/li>\n<li>Medi\u00e7\u00e3o de temperatura at\u00e9 2m de dist\u00e2ncia<\/li>\n<li>Conex\u00e3o via USB-A ou USB-C software para PC<\/li>\n<li>Notifica\u00e7\u00e3o sonora para excesso de temperatura<\/li>\n<li>Adequado para integra\u00e7\u00e3o por protocolo UVC<\/li>\n<li>Captura de imagem t\u00e9rmica a partir de temperatura excessiva<\/li>\n<\/ul>\n<\/div>\n<\/div>\n<\/div>\n<\/div>\n<\/div>\n<\/div>\n<\/div>\n<\/div>\n<table class=\"specs\" border=\"0\" cellspacing=\"0\" cellpadding=\"0\">\n<tbody>\n<tr class=\"table-data\" align=\"left\" valign=\"middle\">\n<td width=\"30%\" height=\"22\"><strong>Sensor t\u00e9rmico<\/strong><\/td>\n<td width=\"70%\" height=\"22\">256&#215;192 Vox<\/td>\n<\/tr>\n<tr class=\"table-data\" align=\"left\" valign=\"middle\">\n<td width=\"30%\" height=\"22\"><strong>\u00c2ngulo de vis\u00e3o (t\u00e9rmico)<\/strong><\/td>\n<td width=\"70%\" height=\"22\">56\u00ba x 42\u00ba<\/td>\n<\/tr>\n<tr class=\"table-data\" align=\"left\" valign=\"middle\">\n<td width=\"30%\" height=\"22\"><strong>Precis\u00e3o<\/strong><\/td>\n<td width=\"70%\" height=\"22\">\u00b1 0.5\u00baC<\/td>\n<\/tr>\n<tr class=\"table-data\" align=\"left\" valign=\"middle\">\n<td width=\"30%\" height=\"22\"><strong>Sensibilidade t\u00e9rmica (NETD)<\/strong><\/td>\n<td width=\"70%\" height=\"22\">\u2264 50mK<\/td>\n<\/tr>\n<tr class=\"table-data\" align=\"left\" valign=\"middle\">\n<td width=\"30%\" height=\"22\"><strong>Faixa espectral<\/strong><\/td>\n<td width=\"70%\" height=\"22\">12um<\/td>\n<\/tr>\n<tr class=\"table-data\" align=\"left\" valign=\"middle\">\n<td width=\"30%\" height=\"22\"><strong>Fun\u00e7\u00f5es inteligentes<\/strong><\/td>\n<td width=\"70%\" height=\"22\">Medi\u00e7\u00e3o da temperatura corporal<\/td>\n<\/tr>\n<tr class=\"table-data\" align=\"left\" valign=\"middle\">\n<td width=\"30%\" height=\"22\"><strong>Medi\u00e7\u00e3o de temperatura<\/strong><\/td>\n<td width=\"70%\" height=\"22\">At\u00e9 2m de dist\u00e2ncia (4 de um rosto de cada vez)<\/td>\n<\/tr>\n<tr class=\"table-data\" align=\"left\" valign=\"middle\">\n<td width=\"30%\" height=\"22\"><strong>Faixa de medi\u00e7\u00e3o<\/strong><\/td>\n<td width=\"70%\" height=\"22\">30\u00baC ~ 45\u00baC<\/td>\n<\/tr>\n<tr class=\"table-data\" align=\"left\" valign=\"middle\">\n<td width=\"30%\" height=\"22\"><strong>Modos de Imagem<\/strong><\/td>\n<td width=\"70%\" height=\"22\">T\u00e9rmico<\/td>\n<\/tr>\n<tr class=\"table-data\" align=\"left\" valign=\"middle\">\n<td width=\"30%\" height=\"22\"><strong>Comunica\u00e7\u00e3o<\/strong><\/td>\n<td width=\"70%\" height=\"22\">USB-A \/ USB Tipo C<\/td>\n<\/tr>\n<tr class=\"table-data\" align=\"left\" valign=\"middle\">\n<td width=\"30%\" height=\"22\"><strong>Integra\u00e7\u00e3o<\/strong><\/td>\n<td width=\"70%\" height=\"22\">Atrav\u00e9s do protocolo UVC para desenvolvimento de terceiros (software, equipamento de detec\u00e7\u00e3o facial)<\/td>\n<\/tr>\n<tr class=\"table-data\" align=\"left\" valign=\"middle\">\n<td width=\"30%\" height=\"22\"><strong>Temp. funcionamento<\/strong><\/td>\n<td width=\"70%\" height=\"22\">2\u00ba C ~ + 50\u00ba C<\/td>\n<\/tr>\n<tr class=\"table-data\" align=\"left\" valign=\"middle\">\n<td width=\"30%\" height=\"22\"><strong>Grau de prote\u00e7\u00e3o<\/strong><\/td>\n<td width=\"70%\" height=\"22\">Uso no interior<\/td>\n<\/tr>\n<tr class=\"table-data\" align=\"left\" valign=\"middle\">\n<td width=\"30%\" height=\"22\"><strong>Dimens\u00f5es<\/strong><\/td>\n<td width=\"70%\" height=\"22\">14.2 (Pf) x 80 (Al) x 80(An) mm<\/td>\n<\/tr>\n<tr class=\"table-data\" align=\"left\" valign=\"middle\">\n<td width=\"30%\" height=\"22\"><strong>Peso<\/strong><\/td>\n<td width=\"70%\" height=\"22\">450 g<\/td>\n<\/tr>\n<\/tbody>\n<\/table>\n","protected":false},"excerpt":{"rendered":"<p><strong>C\u00e2mara termogr\u00e1fica com monitoriza\u00e7\u00e3o por PC &#8211; BODYTEMP-256-USB-I<\/strong><\/p>\n<ul>\n<li>C\u00e2mara termogr\u00e1fica com monitoriza\u00e7\u00e3o por PC<\/li>\n<li>Medi\u00e7\u00e3o da temperatura corporal em tempo real<\/li>\n<li>Resolu\u00e7\u00e3o t\u00e9rmica | 256&#215;192 Precis\u00e3o \u00b10.5\u00baC<\/li>\n<li>Sensibilidade t\u00e9rmica \u226450mK<\/li>\n<li>Medi\u00e7\u00e3o de temperatura em caras at\u00e9 2 m de dist\u00e2ncia<\/li>\n<li>Adequado para integra\u00e7\u00e3o via protocolo UVC<\/li>\n<\/ul>\n<p><strong>Conte\u00fado:<\/strong><\/p>\n<ul>\n<li>C\u00e2mara termogr\u00e1fica (Tablet n\u00e3o inclu\u00eddo)<\/li>\n<li>Instru\u00e7\u00f5es de uso<\/li>\n<li>Adaptador de USB a USB-Tipo C<\/li>\n<li>Trip\u00e9 de instala\u00e7\u00e3o<\/li>\n<\/ul>\n<p><strong>Pre\u00e7o sem IVA<br \/>\n<span style=\"color: #ff0000;\">Custos de expedi\u00e7\u00e3o calculado s\u00f3 para Portugal Continental.<\/span><\/strong><\/p>\n<p>&nbsp;<\/p>\n","protected":false},"featured_media":3885,"comment_status":"open","ping_status":"closed","template":"","meta":[],"product_brand":[],"product_cat":[75,73],"product_tag":[],"class_list":{"0":"post-3887","1":"product","2":"type-product","3":"status-publish","4":"has-post-thumbnail","6":"product_cat-camaras-termograficas","7":"product_cat-temperatura-corporal-febre","8":"product_shipping_class-preco-inferior-a-30kg-em-portugal","10":"first","11":"onbackorder","12":"sale","13":"taxable","14":"shipping-taxable","15":"purchasable","16":"product-type-simple"},"_links":{"self":[{"href":"https:\/\/cristianocarvalho.net\/WordPress\/wp-json\/wp\/v2\/product\/3887","targetHints":{"allow":["GET"]}}],"collection":[{"href":"https:\/\/cristianocarvalho.net\/WordPress\/wp-json\/wp\/v2\/product"}],"about":[{"href":"https:\/\/cristianocarvalho.net\/WordPress\/wp-json\/wp\/v2\/types\/product"}],"replies":[{"embeddable":true,"href":"https:\/\/cristianocarvalho.net\/WordPress\/wp-json\/wp\/v2\/comments?post=3887"}],"version-history":[{"count":1,"href":"https:\/\/cristianocarvalho.net\/WordPress\/wp-json\/wp\/v2\/product\/3887\/revisions"}],"predecessor-version":[{"id":3888,"href":"https:\/\/cristianocarvalho.net\/WordPress\/wp-json\/wp\/v2\/product\/3887\/revisions\/3888"}],"wp:featuredmedia":[{"embeddable":true,"href":"https:\/\/cristianocarvalho.net\/WordPress\/wp-json\/wp\/v2\/media\/3885"}],"wp:attachment":[{"href":"https:\/\/cristianocarvalho.net\/WordPress\/wp-json\/wp\/v2\/media?parent=3887"}],"wp:term":[{"taxonomy":"product_brand","embeddable":true,"href":"https:\/\/cristianocarvalho.net\/WordPress\/wp-json\/wp\/v2\/product_brand?post=3887"},{"taxonomy":"product_cat","embeddable":true,"href":"https:\/\/cristianocarvalho.net\/WordPress\/wp-json\/wp\/v2\/product_cat?post=3887"},{"taxonomy":"product_tag","embeddable":true,"href":"https:\/\/cristianocarvalho.net\/WordPress\/wp-json\/wp\/v2\/product_tag?post=3887"}],"curies":[{"name":"wp","href":"https:\/\/api.w.org\/{rel}","templated":true}]}}