{"id":3823,"date":"2021-12-24T12:49:24","date_gmt":"2021-12-24T12:49:24","guid":{"rendered":"http:\/\/cristianocarvalho.net\/WordPress\/?post_type=product&#038;p=3823"},"modified":"2021-12-24T15:44:52","modified_gmt":"2021-12-24T15:44:52","slug":"controlo-de-accesos-de-temperatura-uv-oet-213h-bts1","status":"publish","type":"product","link":"https:\/\/cristianocarvalho.net\/WordPress\/produto\/controlo-de-accesos-de-temperatura-uv-oet-213h-bts1\/","title":{"rendered":"Controlo de Accesos de temperatura &#8211; UV-OET-213H-BTS1"},"content":{"rendered":"<p align=\"justify\"><strong>Controlo de Accesos de temperatura &#8211; UV-OET-213H-BTS1<\/strong><\/p>\n<div id=\"all\" class=\"row-offcanvas row-offcanvas-left\">\n<div id=\"back\">\n<div id=\"contentarea\" class=\"main-clear\">\n<div id=\"main\">\n<div class=\"productdetails-view productdetails\">\n<div class=\"product-description card\">\n<div id=\"content_tabs\">\n<div class=\"content active\">\n<ul class=\"article_list\">\n<li>Uniview<\/li>\n<li>Leitor biom\u00e9trico aut\u00f3nomo de controlo de acessos<\/li>\n<li>Identifica\u00e7\u00e3o por reconhecimento facial e cart\u00e3o MF<\/li>\n<li>Medi\u00e7\u00e3o da temperatura corporal<\/li>\n<li>Precis\u00e3o \u00b10.3\u2103<\/li>\n<li>Detec\u00e7\u00e3o de febre<\/li>\n<li>Alarme configur\u00e1vel se nenhuma m\u00e1scara for usada<\/li>\n<li>Visor 7&#8243; LCD a cores com ecr\u00e3 t\u00e1ctil<\/li>\n<li>Capacidade 10.000 faces e 100.000 registos<\/li>\n<li>Comunica\u00e7\u00e3o TCP\/IP<\/li>\n<li>Controladora integrada (sensor porta, bot\u00e3o e rel\u00e9)<\/li>\n<li>C\u00e2mara com sensor duplo para reconhecimento facial<\/li>\n<\/ul>\n<\/div>\n<\/div>\n<\/div>\n<\/div>\n<\/div>\n<\/div>\n<\/div>\n<\/div>\n<table class=\"specs\" border=\"0\" cellspacing=\"0\" cellpadding=\"0\">\n<tbody>\n<tr class=\"table-data\" align=\"left\" valign=\"middle\">\n<td width=\"30%\" height=\"22\"><strong>Marca<\/strong><\/td>\n<td width=\"70%\" height=\"22\">Uniview<\/td>\n<\/tr>\n<tr class=\"table-data\" align=\"left\" valign=\"middle\">\n<td width=\"30%\" height=\"22\"><strong>Modelo<\/strong><\/td>\n<td width=\"70%\" height=\"22\">OET-213H-BTS1<\/td>\n<\/tr>\n<tr class=\"table-data\" align=\"left\" valign=\"middle\">\n<td width=\"30%\" height=\"22\"><strong>CPU<\/strong><\/td>\n<td width=\"70%\" height=\"22\">Linux<\/td>\n<\/tr>\n<tr class=\"table-data\" align=\"left\" valign=\"middle\">\n<td width=\"30%\" height=\"22\"><strong>Sensor<\/strong><\/td>\n<td width=\"70%\" height=\"22\">Lente dupla com IR e WDR<\/td>\n<\/tr>\n<tr class=\"table-data\" align=\"left\" valign=\"middle\">\n<td width=\"30%\" height=\"22\"><strong>Sensor de activa\u00e7\u00e3o<\/strong><\/td>\n<td width=\"70%\" height=\"22\">Auto-activa\u00e7\u00e3o por infravermelhos<\/td>\n<\/tr>\n<tr class=\"table-data\" align=\"left\" valign=\"middle\">\n<td width=\"30%\" height=\"22\"><strong>Tiempo de verifica\u00e7\u00e3o<\/strong><\/td>\n<td width=\"70%\" height=\"22\">&lt;0,5 Seg<\/td>\n<\/tr>\n<tr class=\"table-data\" align=\"left\" valign=\"middle\">\n<td width=\"30%\" height=\"22\"><strong>Capacidade<\/strong><\/td>\n<td width=\"70%\" height=\"22\">At\u00e9 10.000 rostos\/cart\u00f5es<\/td>\n<\/tr>\n<tr class=\"table-data\" align=\"left\" valign=\"middle\">\n<td width=\"30%\" height=\"22\"><strong>Registos<\/strong><\/td>\n<td width=\"70%\" height=\"22\">100.000 registos<\/td>\n<\/tr>\n<tr class=\"table-data\" align=\"left\" valign=\"middle\">\n<td width=\"30%\" height=\"22\"><strong>Modos de identifica\u00e7\u00e3o<\/strong><\/td>\n<td width=\"70%\" height=\"22\">Reconhecimento facial<\/td>\n<\/tr>\n<tr class=\"table-data\" align=\"left\" valign=\"middle\">\n<td width=\"30%\" height=\"22\"><strong>Sensor<\/strong><\/td>\n<td width=\"70%\" height=\"22\">Termopilha<\/td>\n<\/tr>\n<tr class=\"table-data\" align=\"left\" valign=\"middle\">\n<td width=\"30%\" height=\"22\"><strong>Faixa de temperatura<\/strong><\/td>\n<td width=\"70%\" height=\"22\">30\u2103 &#8211; 45\u2103<\/td>\n<\/tr>\n<tr class=\"table-data\" align=\"left\" valign=\"middle\">\n<td width=\"30%\" height=\"22\"><strong>Precis\u00e3o<\/strong><\/td>\n<td width=\"70%\" height=\"22\">\u00b10.3\u2103<\/td>\n<\/tr>\n<tr class=\"table-data\" align=\"left\" valign=\"middle\">\n<td width=\"30%\" height=\"22\"><strong>Dist\u00e2ncia de medi\u00e7\u00e3o de temperatura<\/strong><\/td>\n<td width=\"70%\" height=\"22\">1 cm ~ 2,5 cm<\/td>\n<\/tr>\n<tr class=\"table-data\" align=\"left\" valign=\"middle\">\n<td width=\"30%\" height=\"22\"><strong>Fun\u00e7\u00f5es de temperatura<\/strong><\/td>\n<td width=\"70%\" height=\"22\">Alarme de detec\u00e7\u00e3o de m\u00e1scara (Configur\u00e1vel), Alarme de detec\u00e7\u00e3o de febre (Configur\u00e1vel), Abertura apenas com m\u00e1scara (Configur\u00e1vel)<\/td>\n<\/tr>\n<tr class=\"table-data\" align=\"left\" valign=\"middle\">\n<td width=\"30%\" height=\"22\"><strong>Cart\u00e3o de proximidade<\/strong><\/td>\n<td width=\"70%\" height=\"22\">Cart\u00e3o MF 13.56MHz<\/td>\n<\/tr>\n<tr class=\"table-data\" align=\"left\" valign=\"middle\">\n<td width=\"30%\" height=\"22\"><strong>Ecr\u00e3<\/strong><\/td>\n<td width=\"70%\" height=\"22\">7&#8243; Ecr\u00e3 LCD t\u00e1ctil<\/td>\n<\/tr>\n<tr class=\"table-data\" align=\"left\" valign=\"middle\">\n<td width=\"30%\" height=\"22\"><strong>Resolu\u00e7\u00e3o de Ecr\u00e3<\/strong><\/td>\n<td width=\"70%\" height=\"22\">1024 x 600<\/td>\n<\/tr>\n<tr class=\"table-data\" align=\"left\" valign=\"middle\">\n<td width=\"30%\" height=\"22\"><strong>C\u00e2mara<\/strong><\/td>\n<td width=\"70%\" height=\"22\">2 MP com duplo sensor de reconhecimento facial<\/td>\n<\/tr>\n<tr class=\"table-data\" align=\"left\" valign=\"middle\">\n<td width=\"30%\" height=\"22\"><strong>Comunica\u00e7\u00e3o<\/strong><\/td>\n<td width=\"70%\" height=\"22\">TCP \/ IP, USB, RS485<\/td>\n<\/tr>\n<tr class=\"table-data\" align=\"left\" valign=\"middle\">\n<td width=\"30%\" height=\"22\"><strong>Controladora integrada<\/strong><\/td>\n<td width=\"70%\" height=\"22\">Sensor da porta, bot\u00e3o de press\u00e3o, campainha e rel\u00e9<\/td>\n<\/tr>\n<tr class=\"table-data\" align=\"left\" valign=\"middle\">\n<td width=\"30%\" height=\"22\"><strong>Entradas \/ Sa\u00eddas<\/strong><\/td>\n<td width=\"70%\" height=\"22\">2 Entradas de alarme \/ 1 Sa\u00edda de alarme \/ Wiegand IN \/ Wiegand OUT<\/td>\n<\/tr>\n<tr class=\"table-data\" align=\"left\" valign=\"middle\">\n<td width=\"30%\" height=\"22\"><strong>Programas<\/strong><\/td>\n<td width=\"70%\" height=\"22\">N\u00e3o disp\u00f5e. Dispositivo aut\u00f3nomo<\/td>\n<\/tr>\n<tr class=\"table-data\" align=\"left\" valign=\"middle\">\n<td width=\"30%\" height=\"22\"><strong>Alimenta\u00e7\u00e3o<\/strong><\/td>\n<td width=\"70%\" height=\"22\">DC 12 V \/ 2 A m\u00e1x.<\/td>\n<\/tr>\n<tr class=\"table-data\" align=\"left\" valign=\"middle\">\n<td width=\"30%\" height=\"22\"><strong>Grau de protec\u00e7\u00e3o<\/strong><\/td>\n<td width=\"70%\" height=\"22\">Interior IP54<\/td>\n<\/tr>\n<tr class=\"table-data\" align=\"left\" valign=\"middle\">\n<td width=\"30%\" height=\"22\"><strong>Temp. funcionamento<\/strong><\/td>\n<td width=\"70%\" height=\"22\">-20\u00ba C ~ + 65\u00ba C<\/td>\n<\/tr>\n<tr class=\"table-data\" align=\"left\" valign=\"middle\">\n<td width=\"30%\" height=\"22\"><strong>Dimens\u00f5es<\/strong><\/td>\n<td width=\"70%\" height=\"22\">305 (Lg) x 134 (Al) x 33 (Pf) mm<\/td>\n<\/tr>\n<tr class=\"table-data\" align=\"left\" valign=\"middle\">\n<td width=\"30%\" height=\"22\"><strong>Peso<\/strong><\/td>\n<td width=\"70%\" height=\"22\">300g<\/td>\n<\/tr>\n<\/tbody>\n<\/table>\n<p>&nbsp;<\/p>\n","protected":false},"excerpt":{"rendered":"<p><strong>Control0 de Accesos de temperatura &#8211; UV-OET-213H-BTS1<\/strong><\/p>\n<ul>\n<li>Control de Accesos de temperatura<\/li>\n<li>Detec\u00e7\u00e3o de Febre e M\u00e1scara<\/li>\n<li>Reconhecimento Facial e Cart\u00e3o MF<\/li>\n<li>10.000 rostos, 100.000 registros<\/li>\n<li>TCP\/IP, USB | Detec\u00e7\u00e3o em pulso<\/li>\n<li>Montagem na parede ou com suporte de ch\u00e3o<\/li>\n<\/ul>\n<p><strong>Conteudo:<\/strong><\/p>\n<ul>\n<li>Dispositivo Biom\u00e9trico Uniview<\/li>\n<li>Sensor de termopilha<\/li>\n<li>Suporte de parede inclu\u00eddo<\/li>\n<li>Material de montagem<\/li>\n<li>Instru\u00e7\u00f5es de uso<\/li>\n<\/ul>\n<p><strong>Pre\u00e7o sem IVA<br \/>\n<span style=\"color: #ff0000;\">Custos de expedi\u00e7\u00e3o calculado s\u00f3 para Portugal Continental.<\/span><\/strong><\/p>\n<p>&nbsp;<\/p>\n","protected":false},"featured_media":3837,"comment_status":"open","ping_status":"closed","template":"","meta":[],"product_brand":[],"product_cat":[74,73],"product_tag":[],"class_list":{"0":"post-3823","1":"product","2":"type-product","3":"status-publish","4":"has-post-thumbnail","6":"product_cat-controlo-de-acessos","7":"product_cat-temperatura-corporal-febre","8":"product_shipping_class-preco-inferior-a-30kg-em-portugal","10":"first","11":"onbackorder","12":"sale","13":"taxable","14":"shipping-taxable","15":"purchasable","16":"product-type-simple"},"_links":{"self":[{"href":"https:\/\/cristianocarvalho.net\/WordPress\/wp-json\/wp\/v2\/product\/3823","targetHints":{"allow":["GET"]}}],"collection":[{"href":"https:\/\/cristianocarvalho.net\/WordPress\/wp-json\/wp\/v2\/product"}],"about":[{"href":"https:\/\/cristianocarvalho.net\/WordPress\/wp-json\/wp\/v2\/types\/product"}],"replies":[{"embeddable":true,"href":"https:\/\/cristianocarvalho.net\/WordPress\/wp-json\/wp\/v2\/comments?post=3823"}],"version-history":[{"count":3,"href":"https:\/\/cristianocarvalho.net\/WordPress\/wp-json\/wp\/v2\/product\/3823\/revisions"}],"predecessor-version":[{"id":3868,"href":"https:\/\/cristianocarvalho.net\/WordPress\/wp-json\/wp\/v2\/product\/3823\/revisions\/3868"}],"wp:featuredmedia":[{"embeddable":true,"href":"https:\/\/cristianocarvalho.net\/WordPress\/wp-json\/wp\/v2\/media\/3837"}],"wp:attachment":[{"href":"https:\/\/cristianocarvalho.net\/WordPress\/wp-json\/wp\/v2\/media?parent=3823"}],"wp:term":[{"taxonomy":"product_brand","embeddable":true,"href":"https:\/\/cristianocarvalho.net\/WordPress\/wp-json\/wp\/v2\/product_brand?post=3823"},{"taxonomy":"product_cat","embeddable":true,"href":"https:\/\/cristianocarvalho.net\/WordPress\/wp-json\/wp\/v2\/product_cat?post=3823"},{"taxonomy":"product_tag","embeddable":true,"href":"https:\/\/cristianocarvalho.net\/WordPress\/wp-json\/wp\/v2\/product_tag?post=3823"}],"curies":[{"name":"wp","href":"https:\/\/api.w.org\/{rel}","templated":true}]}}